{"id":752,"date":"2025-08-20T18:31:52","date_gmt":"2025-08-20T16:31:52","guid":{"rendered":"https:\/\/merindolenfete.fr\/?page_id=752"},"modified":"2025-08-21T15:59:34","modified_gmt":"2025-08-21T13:59:34","slug":"result-concours-photo","status":"publish","type":"page","link":"https:\/\/merindolenfete.fr\/index.php\/result-concours-photo\/","title":{"rendered":"Result Concours photo"},"content":{"rendered":"\t\t<div data-elementor-type=\"wp-page\" data-elementor-id=\"752\" class=\"elementor elementor-752\" data-elementor-post-type=\"page\">\n\t\t\t\t<div class=\"elementor-element elementor-element-7ffb12d e-con-full e-flex e-con e-parent\" data-id=\"7ffb12d\" data-element_type=\"container\">\n\t\t\t\t<div class=\"elementor-element elementor-element-28fe8b6 elementor-widget-tablet__width-inherit elementor-widget-mobile__width-inherit elementor--h-position-center elementor--v-position-middle elementor-arrows-position-inside elementor-pagination-position-inside elementor-widget elementor-widget-slides\" data-id=\"28fe8b6\" data-element_type=\"widget\" data-settings=\"{&quot;navigation&quot;:&quot;both&quot;,&quot;autoplay&quot;:&quot;yes&quot;,&quot;pause_on_hover&quot;:&quot;yes&quot;,&quot;pause_on_interaction&quot;:&quot;yes&quot;,&quot;autoplay_speed&quot;:5000,&quot;infinite&quot;:&quot;yes&quot;,&quot;transition&quot;:&quot;slide&quot;,&quot;transition_speed&quot;:500}\" data-widget_type=\"slides.default\">\n\t\t\t\t<div class=\"elementor-widget-container\">\n\t\t\t\t\t<div class=\"elementor-swiper\">\n\t\t\t<div class=\"elementor-slides-wrapper elementor-main-swiper swiper\" dir=\"ltr\" data-animation=\"fadeInUp\">\n\t\t\t\t<div class=\"swiper-wrapper elementor-slides\">\n\t\t\t\t\t\t\t\t\t\t<div class=\"elementor-repeater-item-9df5830 swiper-slide\"><div class=\"swiper-slide-bg\" role=\"img\"><\/div><div class=\"swiper-slide-inner\" ><div class=\"swiper-slide-contents\"><\/div><\/div><\/div>\t\t\t\t<\/div>\n\t\t\t\t\t\t\t<\/div>\n\t\t<\/div>\n\t\t\t\t<\/div>\n\t\t\t\t<\/div>\n\t\t\t\t<\/div>\n\t\t<div class=\"elementor-element elementor-element-4e41595d e-flex e-con-boxed e-con e-parent\" data-id=\"4e41595d\" data-element_type=\"container\" data-settings=\"{&quot;background_background&quot;:&quot;classic&quot;}\">\n\t\t\t\t\t<div class=\"e-con-inner\">\n\t\t\t\t<div class=\"elementor-element elementor-element-1882d653 elementor-widget elementor-widget-heading\" data-id=\"1882d653\" data-element_type=\"widget\" data-widget_type=\"heading.default\">\n\t\t\t\t<div class=\"elementor-widget-container\">\n\t\t\t<h1 class=\"elementor-heading-title elementor-size-default\">Concours photo<\/h1>\t\t<\/div>\n\t\t\t\t<\/div>\n\t\t\t\t<div class=\"elementor-element elementor-element-6f16175b elementor-widget elementor-widget-heading\" data-id=\"6f16175b\" data-element_type=\"widget\" data-widget_type=\"heading.default\">\n\t\t\t\t<div class=\"elementor-widget-container\">\n\t\t\t<h5 class=\"elementor-heading-title elementor-size-default\">Le Concours Photo de M\u00e9rindol 2025 s'est achev\u00e9 le 25 Juillet. Nous vous remercions infiniment de votre participation. Cette ann\u00e9e un jury de 4 personnes a statu\u00e9 pour le classement des photos sur la base des 4 \u00e9l\u00e9ments sp\u00e9cifi\u00e9s dans le r\u00e8glement.<\/h5>\t\t<\/div>\n\t\t\t\t<\/div>\n\t\t\t\t\t<\/div>\n\t\t\t\t<\/div>\n\t\t<div class=\"elementor-element elementor-element-b607b6e e-flex e-con-boxed e-con e-parent\" data-id=\"b607b6e\" data-element_type=\"container\">\n\t\t\t\t\t<div class=\"e-con-inner\">\n\t\t<div class=\"elementor-element elementor-element-f1e6ee9 e-con-full e-flex e-con e-child\" data-id=\"f1e6ee9\" data-element_type=\"container\">\n\t\t\t\t<\/div>\n\t\t<div class=\"elementor-element elementor-element-ba03625 e-con-full e-flex e-con e-child\" data-id=\"ba03625\" data-element_type=\"container\">\n\t\t<div class=\"elementor-element elementor-element-e5aa41c e-con-full e-flex e-con e-child\" data-id=\"e5aa41c\" data-element_type=\"container\">\n\t\t\t\t<div class=\"elementor-element elementor-element-44ef31d elementor-widget elementor-widget-heading\" data-id=\"44ef31d\" data-element_type=\"widget\" data-widget_type=\"heading.default\">\n\t\t\t\t<div class=\"elementor-widget-container\">\n\t\t\t<h1 class=\"elementor-heading-title elementor-size-default\">gagnants 2025<\/h1>\t\t<\/div>\n\t\t\t\t<\/div>\n\t\t\t\t<\/div>\n\t\t\t\t<div class=\"elementor-element elementor-element-012e504 elementor-widget elementor-widget-text-editor\" data-id=\"012e504\" data-element_type=\"widget\" data-widget_type=\"text-editor.default\">\n\t\t\t\t<div class=\"elementor-widget-container\">\n\t\t\t\t\t\t\t<h2>Prix du jury<\/h2><p><em>Vice versa italien<\/em> <br \/>de E. Vanderchmitt<\/p><p><em>La violoniste<\/em> <br \/>de E. Rostoll<\/p><p><em>Street Art<\/em> <br \/>de C. Coltelli<\/p><p><em>Fais un voeu<\/em><br \/>de C.Baqu\u00e9<\/p><p><em>Au bout du pinceau<br \/><\/em>de M.Roubaud<\/p><p><em>D\u00e9ball\u00e9<\/em> <br \/>de S.Freeman<\/p><h2>Prix du public<\/h2><p><em>Un petit coin de parapluies<\/em><br \/>de J. Merlin<\/p><p>\u00a0<\/p><p><strong>Bravo \u00e0 tous !<\/strong><\/p><p>Toutes les photos seront expos\u00e9es au format A3 dans la petite pi\u00e8ce de la Salle des f\u00eates de M\u00e9rindol le samedi 6 septembre 2025 lors de la manifestation \u00ab\u00a0Les rues \u00e9ph\u00e9m\u00e8res\u00a0\u00bb de 15h \u00e0 18h.<\/p><p><br \/>Les 7 photos gagnantes seront agrandies au format 70&#215;50 et expos\u00e9es sur le parcours de d\u00e9ambulation de l\u2019\u00e9v\u00e8nement.<\/p><p><br \/>Tous les participants pourront r\u00e9cup\u00e9rer leur photo lors de l\u2019ap\u00e9ritif, offert par la Municipalit\u00e9 de M\u00e9rindol, \u00e0 l\u2019issue de la journ\u00e9e, vers 19h \u00e0 la Petite Maison Bleue.<\/p><p>\u00a0<\/p>\t\t\t\t\t\t<\/div>\n\t\t\t\t<\/div>\n\t\t\t\t<\/div>\n\t\t\t\t\t<\/div>\n\t\t\t\t<\/div>\n\t\t\t\t<\/div>\n\t\t","protected":false},"excerpt":{"rendered":"<p>Concours photo Le Concours Photo de M\u00e9rindol 2025 s&#8217;est achev\u00e9 le 25 Juillet. Nous vous remercions infiniment de votre participation. Cette ann\u00e9e un jury de 4 personnes a statu\u00e9 pour le classement des photos sur la base des 4 \u00e9l\u00e9ments sp\u00e9cifi\u00e9s dans le r\u00e8glement. gagnants 2025 Prix du jury Vice versa italien de E. Vanderchmitt [&hellip;]<\/p>\n","protected":false},"author":1,"featured_media":0,"parent":0,"menu_order":0,"comment_status":"closed","ping_status":"closed","template":"elementor_header_footer","meta":{"footnotes":""},"class_list":["post-752","page","type-page","status-publish","hentry"],"_links":{"self":[{"href":"https:\/\/merindolenfete.fr\/index.php\/wp-json\/wp\/v2\/pages\/752","targetHints":{"allow":["GET"]}}],"collection":[{"href":"https:\/\/merindolenfete.fr\/index.php\/wp-json\/wp\/v2\/pages"}],"about":[{"href":"https:\/\/merindolenfete.fr\/index.php\/wp-json\/wp\/v2\/types\/page"}],"author":[{"embeddable":true,"href":"https:\/\/merindolenfete.fr\/index.php\/wp-json\/wp\/v2\/users\/1"}],"replies":[{"embeddable":true,"href":"https:\/\/merindolenfete.fr\/index.php\/wp-json\/wp\/v2\/comments?post=752"}],"version-history":[{"count":7,"href":"https:\/\/merindolenfete.fr\/index.php\/wp-json\/wp\/v2\/pages\/752\/revisions"}],"predecessor-version":[{"id":759,"href":"https:\/\/merindolenfete.fr\/index.php\/wp-json\/wp\/v2\/pages\/752\/revisions\/759"}],"wp:attachment":[{"href":"https:\/\/merindolenfete.fr\/index.php\/wp-json\/wp\/v2\/media?parent=752"}],"curies":[{"name":"wp","href":"https:\/\/api.w.org\/{rel}","templated":true}]}}